{"id":7393,"date":"2023-11-30T19:15:54","date_gmt":"2023-11-30T18:15:54","guid":{"rendered":"https:\/\/espaicrater.com\/repensem-el-parc-de-lespai-crater\/"},"modified":"2023-12-04T14:36:52","modified_gmt":"2023-12-04T13:36:52","slug":"repensem-el-parc-de-lespai-crater","status":"publish","type":"page","link":"https:\/\/espaicrater.com\/es\/repensem-el-parc-de-lespai-crater\/","title":{"rendered":"Repensemos el parque del Espai Cr\u00e0ter"},"content":{"rendered":"\n<p>La propuesta arquitect\u00f3nica del Espai Cr\u00e0ter sit\u00faa el centro en el interior del volc\u00e1n Puig del Roser y deja al descubierto una extensi\u00f3n de naturaleza. El parque del Espai Cr\u00e0ter forma parte del espacio p\u00fablico y conecta con el Archivo Comarcal y el cementerio del Montsacopa. Su reciente aparici\u00f3n ha propiciado una indefinici\u00f3n de la forma de habitarlo: a menudo j\u00f3venes conversan en c\u00edrculo, gente mayor descansa o algunas personas, simplemente, lo atraviesan.<\/p>\n\n\n\n<p><strong><em>Repensemos el parque del Espai Cr\u00e0ter<\/em><\/strong> es una propuesta de Marcos Garcia, director de <a href=\"https:\/\/www.medialab-matadero.es\/\">Medialab Prado<\/a> 2014-2021; Javier Ib\u00e1\u00f1ez, coordinador del Programa de Innovaci\u00f3n Ciudadana de Las Naves, y Sergi Fr\u00edas, director de <a href=\"https:\/\/www.coboilab.cat\/ca\/\">Coboi lab<\/a>. Durante el taller, propusieron coidear, conjuntamente con j\u00f3venes de la ciudad, acciones y actividades para salir adelante en este nuevo espacio del municipio. Con esta actividad se abri\u00f3 la posibilidad de que los j\u00f3venes aportaran conocimientos, experiencias y deseos para generar otros significados para este espacio y, por tanto, pensar otras formas de habitar la ciudad.<\/p>\n\n\n\n<p><\/p>\n\n\n\n<figure class=\"wp-block-image size-large\"><img loading=\"lazy\" decoding=\"async\" width=\"2000\" height=\"1333\" src=\"https:\/\/espaicrater.com\/app\/uploads\/2023\/11\/A4_2230-1-1-2000x1333.jpg\" alt=\"\" class=\"wp-image-7165\" srcset=\"https:\/\/espaicrater.com\/app\/uploads\/2023\/11\/A4_2230-1-1-2000x1333.jpg 2000w, https:\/\/espaicrater.com\/app\/uploads\/2023\/11\/A4_2230-1-1-300x200.jpg 300w, https:\/\/espaicrater.com\/app\/uploads\/2023\/11\/A4_2230-1-1-768x512.jpg 768w, https:\/\/espaicrater.com\/app\/uploads\/2023\/11\/A4_2230-1-1-1536x1024.jpg 1536w, https:\/\/espaicrater.com\/app\/uploads\/2023\/11\/A4_2230-1-1-2048x1365.jpg 2048w\" sizes=\"auto, (max-width: 2000px) 100vw, 2000px\" \/><\/figure>\n","protected":false},"excerpt":{"rendered":"<p>La propuesta arquitect\u00f3nica del Espai Cr\u00e0ter sit\u00faa el centro en el interior del volc\u00e1n Puig del Roser y deja al descubierto una extensi\u00f3n de naturaleza. El parque del Espai Cr\u00e0ter forma parte del espacio p\u00fablico y conecta con el Archivo Comarcal y el cementerio del Montsacopa. Su reciente aparici\u00f3n ha propiciado una indefinici\u00f3n de la &hellip; <a href=\"https:\/\/espaicrater.com\/es\/repensem-el-parc-de-lespai-crater\/\">Continued<\/a><\/p>\n","protected":false},"author":2,"featured_media":7135,"parent":0,"menu_order":0,"comment_status":"closed","ping_status":"closed","template":"","meta":{"_acf_changed":false,"footnotes":""},"class_list":["post-7393","page","type-page","status-publish","has-post-thumbnail","hentry"],"acf":[],"yoast_head":"<title>Repensemos el parque del Espai Cr\u00e0ter - Espai Cr\u00e0ter<\/title>\n<meta name=\"description\" content=\"Repensamos el parque del Espai Cr\u00e0ter es un taller propuesta por Marcos Garcia, Javier Ib\u00e1\u00f1ez y Sergi Fr\u00edas en el parque del Espai Cr\u00e0ter\" \/>\n<meta name=\"robots\" content=\"index, follow, max-snippet:-1, max-image-preview:large, max-video-preview:-1\" \/>\n<link rel=\"canonical\" href=\"https:\/\/espaicrater.com\/es\/repensem-el-parc-de-lespai-crater\/\" \/>\n<meta property=\"og:locale\" content=\"es_ES\" \/>\n<meta property=\"og:type\" content=\"article\" \/>\n<meta property=\"og:title\" content=\"Repensemos el parque del Espai Cr\u00e0ter - Espai Cr\u00e0ter\" \/>\n<meta property=\"og:description\" content=\"Repensamos el parque del Espai Cr\u00e0ter es un taller propuesta por Marcos Garcia, Javier Ib\u00e1\u00f1ez y Sergi Fr\u00edas en el parque del Espai Cr\u00e0ter\" \/>\n<meta property=\"og:url\" content=\"https:\/\/espaicrater.com\/es\/repensem-el-parc-de-lespai-crater\/\" \/>\n<meta property=\"og:site_name\" content=\"Espai Cr\u00e0ter\" \/>\n<meta property=\"article:modified_time\" content=\"2023-12-04T13:36:52+00:00\" \/>\n<meta property=\"og:image\" content=\"https:\/\/espaicrater.com\/app\/uploads\/2023\/11\/A4_2229-scaled.jpg\" \/>\n\t<meta property=\"og:image:width\" content=\"2560\" \/>\n\t<meta property=\"og:image:height\" content=\"1707\" \/>\n\t<meta property=\"og:image:type\" content=\"image\/jpeg\" \/>\n<meta name=\"twitter:card\" content=\"summary_large_image\" \/>\n<meta name=\"twitter:label1\" content=\"Tiempo de lectura\" \/>\n\t<meta name=\"twitter:data1\" content=\"1 minuto\" \/>\n<script type=\"application\/ld+json\" class=\"yoast-schema-graph\">{\"@context\":\"https:\\\/\\\/schema.org\",\"@graph\":[{\"@type\":\"WebPage\",\"@id\":\"https:\\\/\\\/espaicrater.com\\\/es\\\/repensem-el-parc-de-lespai-crater\\\/\",\"url\":\"https:\\\/\\\/espaicrater.com\\\/es\\\/repensem-el-parc-de-lespai-crater\\\/\",\"name\":\"Repensemos el parque del Espai Cr\u00e0ter - Espai Cr\u00e0ter\",\"isPartOf\":{\"@id\":\"https:\\\/\\\/espaicrater.com\\\/#website\"},\"primaryImageOfPage\":{\"@id\":\"https:\\\/\\\/espaicrater.com\\\/es\\\/repensem-el-parc-de-lespai-crater\\\/#primaryimage\"},\"image\":{\"@id\":\"https:\\\/\\\/espaicrater.com\\\/es\\\/repensem-el-parc-de-lespai-crater\\\/#primaryimage\"},\"thumbnailUrl\":\"https:\\\/\\\/espaicrater.com\\\/app\\\/uploads\\\/2023\\\/11\\\/A4_2229-scaled.jpg\",\"datePublished\":\"2023-11-30T18:15:54+00:00\",\"dateModified\":\"2023-12-04T13:36:52+00:00\",\"description\":\"Repensamos el parque del Espai Cr\u00e0ter es un taller propuesta por Marcos Garcia, Javier Ib\u00e1\u00f1ez y Sergi Fr\u00edas en el parque del Espai Cr\u00e0ter\",\"breadcrumb\":{\"@id\":\"https:\\\/\\\/espaicrater.com\\\/es\\\/repensem-el-parc-de-lespai-crater\\\/#breadcrumb\"},\"inLanguage\":\"es\",\"potentialAction\":[{\"@type\":\"ReadAction\",\"target\":[\"https:\\\/\\\/espaicrater.com\\\/es\\\/repensem-el-parc-de-lespai-crater\\\/\"]}]},{\"@type\":\"ImageObject\",\"inLanguage\":\"es\",\"@id\":\"https:\\\/\\\/espaicrater.com\\\/es\\\/repensem-el-parc-de-lespai-crater\\\/#primaryimage\",\"url\":\"https:\\\/\\\/espaicrater.com\\\/app\\\/uploads\\\/2023\\\/11\\\/A4_2229-scaled.jpg\",\"contentUrl\":\"https:\\\/\\\/espaicrater.com\\\/app\\\/uploads\\\/2023\\\/11\\\/A4_2229-scaled.jpg\",\"width\":2560,\"height\":1707},{\"@type\":\"BreadcrumbList\",\"@id\":\"https:\\\/\\\/espaicrater.com\\\/es\\\/repensem-el-parc-de-lespai-crater\\\/#breadcrumb\",\"itemListElement\":[{\"@type\":\"ListItem\",\"position\":1,\"name\":\"Inicio\",\"item\":\"https:\\\/\\\/espaicrater.com\\\/es\\\/\"},{\"@type\":\"ListItem\",\"position\":2,\"name\":\"Repensemos el parque del Espai Cr\u00e0ter\"}]},{\"@type\":\"WebSite\",\"@id\":\"https:\\\/\\\/espaicrater.com\\\/#website\",\"url\":\"https:\\\/\\\/espaicrater.com\\\/\",\"name\":\"Espai Cr\u00e0ter\",\"description\":\"Viatge al centre de la vida\",\"publisher\":{\"@id\":\"https:\\\/\\\/espaicrater.com\\\/#organization\"},\"potentialAction\":[{\"@type\":\"SearchAction\",\"target\":{\"@type\":\"EntryPoint\",\"urlTemplate\":\"https:\\\/\\\/espaicrater.com\\\/?s={search_term_string}\"},\"query-input\":{\"@type\":\"PropertyValueSpecification\",\"valueRequired\":true,\"valueName\":\"search_term_string\"}}],\"inLanguage\":\"es\"},{\"@type\":\"Organization\",\"@id\":\"https:\\\/\\\/espaicrater.com\\\/#organization\",\"name\":\"Espai Cr\u00e0ter\",\"url\":\"https:\\\/\\\/espaicrater.com\\\/\",\"logo\":{\"@type\":\"ImageObject\",\"inLanguage\":\"es\",\"@id\":\"https:\\\/\\\/espaicrater.com\\\/#\\\/schema\\\/logo\\\/image\\\/\",\"url\":\"https:\\\/\\\/espaicrater.com\\\/app\\\/uploads\\\/2022\\\/02\\\/espai-crater-1.png\",\"contentUrl\":\"https:\\\/\\\/espaicrater.com\\\/app\\\/uploads\\\/2022\\\/02\\\/espai-crater-1.png\",\"width\":801,\"height\":320,\"caption\":\"Espai Cr\u00e0ter\"},\"image\":{\"@id\":\"https:\\\/\\\/espaicrater.com\\\/#\\\/schema\\\/logo\\\/image\\\/\"}}]}<\/script>","yoast_head_json":{"title":"Repensemos el parque del Espai Cr\u00e0ter - Espai Cr\u00e0ter","description":"Repensamos el parque del Espai Cr\u00e0ter es un taller propuesta por Marcos Garcia, Javier Ib\u00e1\u00f1ez y Sergi Fr\u00edas en el parque del Espai Cr\u00e0ter","robots":{"index":"index","follow":"follow","max-snippet":"max-snippet:-1","max-image-preview":"max-image-preview:large","max-video-preview":"max-video-preview:-1"},"canonical":"https:\/\/espaicrater.com\/es\/repensem-el-parc-de-lespai-crater\/","og_locale":"es_ES","og_type":"article","og_title":"Repensemos el parque del Espai Cr\u00e0ter - Espai Cr\u00e0ter","og_description":"Repensamos el parque del Espai Cr\u00e0ter es un taller propuesta por Marcos Garcia, Javier Ib\u00e1\u00f1ez y Sergi Fr\u00edas en el parque del Espai Cr\u00e0ter","og_url":"https:\/\/espaicrater.com\/es\/repensem-el-parc-de-lespai-crater\/","og_site_name":"Espai Cr\u00e0ter","article_modified_time":"2023-12-04T13:36:52+00:00","og_image":[{"width":2560,"height":1707,"url":"https:\/\/espaicrater.com\/app\/uploads\/2023\/11\/A4_2229-scaled.jpg","type":"image\/jpeg"}],"twitter_card":"summary_large_image","twitter_misc":{"Tiempo de lectura":"1 minuto"},"schema":{"@context":"https:\/\/schema.org","@graph":[{"@type":"WebPage","@id":"https:\/\/espaicrater.com\/es\/repensem-el-parc-de-lespai-crater\/","url":"https:\/\/espaicrater.com\/es\/repensem-el-parc-de-lespai-crater\/","name":"Repensemos el parque del Espai Cr\u00e0ter - Espai Cr\u00e0ter","isPartOf":{"@id":"https:\/\/espaicrater.com\/#website"},"primaryImageOfPage":{"@id":"https:\/\/espaicrater.com\/es\/repensem-el-parc-de-lespai-crater\/#primaryimage"},"image":{"@id":"https:\/\/espaicrater.com\/es\/repensem-el-parc-de-lespai-crater\/#primaryimage"},"thumbnailUrl":"https:\/\/espaicrater.com\/app\/uploads\/2023\/11\/A4_2229-scaled.jpg","datePublished":"2023-11-30T18:15:54+00:00","dateModified":"2023-12-04T13:36:52+00:00","description":"Repensamos el parque del Espai Cr\u00e0ter es un taller propuesta por Marcos Garcia, Javier Ib\u00e1\u00f1ez y Sergi Fr\u00edas en el parque del Espai Cr\u00e0ter","breadcrumb":{"@id":"https:\/\/espaicrater.com\/es\/repensem-el-parc-de-lespai-crater\/#breadcrumb"},"inLanguage":"es","potentialAction":[{"@type":"ReadAction","target":["https:\/\/espaicrater.com\/es\/repensem-el-parc-de-lespai-crater\/"]}]},{"@type":"ImageObject","inLanguage":"es","@id":"https:\/\/espaicrater.com\/es\/repensem-el-parc-de-lespai-crater\/#primaryimage","url":"https:\/\/espaicrater.com\/app\/uploads\/2023\/11\/A4_2229-scaled.jpg","contentUrl":"https:\/\/espaicrater.com\/app\/uploads\/2023\/11\/A4_2229-scaled.jpg","width":2560,"height":1707},{"@type":"BreadcrumbList","@id":"https:\/\/espaicrater.com\/es\/repensem-el-parc-de-lespai-crater\/#breadcrumb","itemListElement":[{"@type":"ListItem","position":1,"name":"Inicio","item":"https:\/\/espaicrater.com\/es\/"},{"@type":"ListItem","position":2,"name":"Repensemos el parque del Espai Cr\u00e0ter"}]},{"@type":"WebSite","@id":"https:\/\/espaicrater.com\/#website","url":"https:\/\/espaicrater.com\/","name":"Espai Cr\u00e0ter","description":"Viatge al centre de la vida","publisher":{"@id":"https:\/\/espaicrater.com\/#organization"},"potentialAction":[{"@type":"SearchAction","target":{"@type":"EntryPoint","urlTemplate":"https:\/\/espaicrater.com\/?s={search_term_string}"},"query-input":{"@type":"PropertyValueSpecification","valueRequired":true,"valueName":"search_term_string"}}],"inLanguage":"es"},{"@type":"Organization","@id":"https:\/\/espaicrater.com\/#organization","name":"Espai Cr\u00e0ter","url":"https:\/\/espaicrater.com\/","logo":{"@type":"ImageObject","inLanguage":"es","@id":"https:\/\/espaicrater.com\/#\/schema\/logo\/image\/","url":"https:\/\/espaicrater.com\/app\/uploads\/2022\/02\/espai-crater-1.png","contentUrl":"https:\/\/espaicrater.com\/app\/uploads\/2022\/02\/espai-crater-1.png","width":801,"height":320,"caption":"Espai Cr\u00e0ter"},"image":{"@id":"https:\/\/espaicrater.com\/#\/schema\/logo\/image\/"}}]}},"_links":{"self":[{"href":"https:\/\/espaicrater.com\/es\/wp-json\/wp\/v2\/pages\/7393","targetHints":{"allow":["GET"]}}],"collection":[{"href":"https:\/\/espaicrater.com\/es\/wp-json\/wp\/v2\/pages"}],"about":[{"href":"https:\/\/espaicrater.com\/es\/wp-json\/wp\/v2\/types\/page"}],"author":[{"embeddable":true,"href":"https:\/\/espaicrater.com\/es\/wp-json\/wp\/v2\/users\/2"}],"replies":[{"embeddable":true,"href":"https:\/\/espaicrater.com\/es\/wp-json\/wp\/v2\/comments?post=7393"}],"version-history":[{"count":4,"href":"https:\/\/espaicrater.com\/es\/wp-json\/wp\/v2\/pages\/7393\/revisions"}],"predecessor-version":[{"id":7401,"href":"https:\/\/espaicrater.com\/es\/wp-json\/wp\/v2\/pages\/7393\/revisions\/7401"}],"wp:featuredmedia":[{"embeddable":true,"href":"https:\/\/espaicrater.com\/es\/wp-json\/wp\/v2\/media\/7135"}],"wp:attachment":[{"href":"https:\/\/espaicrater.com\/es\/wp-json\/wp\/v2\/media?parent=7393"}],"curies":[{"name":"wp","href":"https:\/\/api.w.org\/{rel}","templated":true}]}}